{"id":482,"date":"2023-07-19T11:10:34","date_gmt":"2023-07-19T09:10:34","guid":{"rendered":"https:\/\/www.aprimeravistahs.es\/?page_id=482"},"modified":"2023-11-05T19:53:56","modified_gmt":"2023-11-05T18:53:56","slug":"about-me","status":"publish","type":"page","link":"https:\/\/www.aprimeravistahs.es\/en\/sobre-mi\/","title":{"rendered":"About me"},"content":{"rendered":"\t\t<div data-elementor-type=\"wp-page\" data-elementor-id=\"482\" class=\"elementor elementor-482\" data-elementor-post-type=\"page\">\n\t\t\t\t\t\t<section class=\"elementor-section elementor-top-section elementor-element elementor-element-110366ff elementor-section-content-bottom elementor-section-boxed elementor-section-height-default elementor-section-height-default\" data-id=\"110366ff\" data-element_type=\"section\" data-e-type=\"section\" data-settings=\"{&quot;background_background&quot;:&quot;classic&quot;}\">\n\t\t\t\t\t\t\t<div class=\"elementor-background-overlay\"><\/div>\n\t\t\t\t\t\t\t<div class=\"elementor-container elementor-column-gap-no\">\n\t\t\t\t\t<div class=\"elementor-column elementor-col-50 elementor-top-column elementor-element elementor-element-1a86a79e\" data-id=\"1a86a79e\" data-element_type=\"column\" data-e-type=\"column\" data-settings=\"{&quot;background_background&quot;:&quot;classic&quot;}\">\n\t\t\t<div class=\"elementor-widget-wrap elementor-element-populated\">\n\t\t\t\t\t\t<div class=\"elementor-element elementor-element-74b45a98 elementor-widget elementor-widget-heading\" data-id=\"74b45a98\" data-element_type=\"widget\" data-e-type=\"widget\" data-widget_type=\"heading.default\">\n\t\t\t\t<div class=\"elementor-widget-container\">\n\t\t\t\t\t<h1 class=\"elementor-heading-title elementor-size-xxl\">SOBRE M\u00cd<\/h1>\t\t\t\t<\/div>\n\t\t\t\t<\/div>\n\t\t\t\t\t<\/div>\n\t\t<\/div>\n\t\t\t\t<div class=\"elementor-column elementor-col-50 elementor-top-column elementor-element elementor-element-57f6768a\" data-id=\"57f6768a\" data-element_type=\"column\" data-e-type=\"column\">\n\t\t\t<div class=\"elementor-widget-wrap\">\n\t\t\t\t\t\t\t<\/div>\n\t\t<\/div>\n\t\t\t\t\t<\/div>\n\t\t<\/section>\n\t\t\t\t<section class=\"elementor-section elementor-top-section elementor-element elementor-element-5ad930f7 elementor-section-content-top elementor-reverse-mobile elementor-section-boxed elementor-section-height-default elementor-section-height-default\" data-id=\"5ad930f7\" data-element_type=\"section\" data-e-type=\"section\" data-settings=\"{&quot;background_background&quot;:&quot;classic&quot;}\">\n\t\t\t\t\t\t\t<div class=\"elementor-background-overlay\"><\/div>\n\t\t\t\t\t\t\t<div class=\"elementor-container elementor-column-gap-no\">\n\t\t\t\t\t<div class=\"elementor-column elementor-col-50 elementor-top-column elementor-element elementor-element-60bcf9ed\" data-id=\"60bcf9ed\" data-element_type=\"column\" data-e-type=\"column\">\n\t\t\t<div class=\"elementor-widget-wrap elementor-element-populated\">\n\t\t\t\t\t\t<div class=\"elementor-element elementor-element-132ef957 elementor-widget elementor-widget-text-editor\" data-id=\"132ef957\" data-element_type=\"widget\" data-e-type=\"widget\" data-widget_type=\"text-editor.default\">\n\t\t\t\t<div class=\"elementor-widget-container\">\n\t\t\t\t\t\t\t\t\t<p>Hola! Soy <b>Ana<\/b>, apasionada del dise\u00f1o y la decoraci\u00f3n con un amor especial por la naturaleza y la arquitectura rural asturiana.<\/p><p>Me gusta la decoraci\u00f3n y el interiorismo desde peque\u00f1a, cuando esperaba ilusionada cada mes a que llegara la revista a la que mi madre estaba suscrita. As\u00ed que acab\u00e9 estudiando decoraci\u00f3n.<\/p><p>Se, por experiencia, lo frustrante que es ver c\u00f3mo pasa el tiempo y tu propiedad no genera visitas o \u00e9stas no acaban en venta, y creer que la \u00fanica opci\u00f3n que hay es bajar el precio.<\/p><p>Entonces descubr\u00ed el Home Staging y me di cuenta de que era una potente alternativa con la que pod\u00eda ayudar a la gente a conseguir sus objetivos de alquiler o venta, aportando un valor a\u00f1adido a las casas de mis clientes.<\/p><p>Gracias a la experiencia que he ido acumulando en distintos \u00e1mbitos (interiorismo, dise\u00f1o gr\u00e1fico, presentaci\u00f3n de proyectos de arquitectura, ambientaci\u00f3n de eventos) y tras un periodo de formaci\u00f3n espec\u00edfica en Home Staging, siento que puedo llevar a cabo este proyecto con toda la ilusi\u00f3n y pasi\u00f3n que requiere.<\/p><p>Adem\u00e1s, uno de mis principales prop\u00f3sitos es contribuir a mejorar la imagen de los alojamientos rurales de la zona. Creo firmemente en la importancia de brindar a los hu\u00e9spedes una experiencia inolvidable porque, no solo beneficia a los propietarios de los alojamientos, sino tambi\u00e9n a la regi\u00f3n en su conjunto. Al atraer turismo de calidad, contribuimos a fortalecer la econom\u00eda local y a promover los encantos de Asturias. Quiero ser parte de este proceso de mejora y contribuir a la dinamizaci\u00f3n del nuestro entorno rural.<\/p><p>Mi visi\u00f3n se basa en ofrecer a mis clientes una experiencia personalizada. Me gusta trabajar en estrecha colaboraci\u00f3n con ellos, entendiendo sus necesidades y aspiraciones y buscando la excelencia para garantizar su satisfacci\u00f3n total.<\/p><p>Creo experiencias visualmente impactantes para los posibles compradores, arrendatarios o hu\u00e9spedes, provocando un flechazo A Primera Vista.<\/p><p>Cont\u00e1ctame hoy mismo y podr\u00e9 ayudarte a transformar tus espacios en experiencias inolvidables con un impacto positivo en tu vida y en tus propiedades.<\/p>\t\t\t\t\t\t\t\t<\/div>\n\t\t\t\t<\/div>\n\t\t\t\t\t<\/div>\n\t\t<\/div>\n\t\t\t\t<div class=\"elementor-column elementor-col-50 elementor-top-column elementor-element elementor-element-2ca50465\" data-id=\"2ca50465\" data-element_type=\"column\" data-e-type=\"column\">\n\t\t\t<div class=\"elementor-widget-wrap elementor-element-populated\">\n\t\t\t\t\t\t<div class=\"elementor-element elementor-element-3cd19c53 elementor-widget elementor-widget-image\" data-id=\"3cd19c53\" data-element_type=\"widget\" data-e-type=\"widget\" data-widget_type=\"image.default\">\n\t\t\t\t<div class=\"elementor-widget-container\">\n\t\t\t\t\t\t\t\t\t\t\t\t\t\t\t<img loading=\"lazy\" decoding=\"async\" loading=\"lazy\" width=\"1080\" height=\"1920\" src=\"https:\/\/www.aprimeravistahs.es\/wp-content\/uploads\/2023\/07\/image-2.jpeg\" class=\"attachment-full size-full wp-image-658\" alt=\"Foto de Ana Garc\u00eda-Navarro\" srcset=\"https:\/\/www.aprimeravistahs.es\/wp-content\/uploads\/2023\/07\/image-2.jpeg 1080w, https:\/\/www.aprimeravistahs.es\/wp-content\/uploads\/2023\/07\/image-2-169x300.jpeg 169w, https:\/\/www.aprimeravistahs.es\/wp-content\/uploads\/2023\/07\/image-2-576x1024.jpeg 576w, https:\/\/www.aprimeravistahs.es\/wp-content\/uploads\/2023\/07\/image-2-768x1365.jpeg 768w, https:\/\/www.aprimeravistahs.es\/wp-content\/uploads\/2023\/07\/image-2-864x1536.jpeg 864w, https:\/\/www.aprimeravistahs.es\/wp-content\/uploads\/2023\/07\/image-2-7x12.jpeg 7w\" sizes=\"auto, (max-width: 1080px) 100vw, 1080px\" \/>\t\t\t\t\t\t\t\t\t\t\t\t\t\t\t<\/div>\n\t\t\t\t<\/div>\n\t\t\t\t<div class=\"elementor-element elementor-element-3ce4a4f elementor-widget elementor-widget-image\" data-id=\"3ce4a4f\" data-element_type=\"widget\" data-e-type=\"widget\" data-widget_type=\"image.default\">\n\t\t\t\t<div class=\"elementor-widget-container\">\n\t\t\t\t\t\t\t\t\t\t\t\t\t\t\t<img loading=\"lazy\" decoding=\"async\" loading=\"lazy\" width=\"898\" height=\"1199\" src=\"https:\/\/www.aprimeravistahs.es\/wp-content\/uploads\/2023\/08\/Nocturna.jpg\" class=\"attachment-full size-full wp-image-1745\" alt=\"Paisaje nocturno.\" srcset=\"https:\/\/www.aprimeravistahs.es\/wp-content\/uploads\/2023\/08\/Nocturna.jpg 898w, https:\/\/www.aprimeravistahs.es\/wp-content\/uploads\/2023\/08\/Nocturna-225x300.jpg 225w, https:\/\/www.aprimeravistahs.es\/wp-content\/uploads\/2023\/08\/Nocturna-767x1024.jpg 767w, https:\/\/www.aprimeravistahs.es\/wp-content\/uploads\/2023\/08\/Nocturna-768x1025.jpg 768w, https:\/\/www.aprimeravistahs.es\/wp-content\/uploads\/2023\/08\/Nocturna-9x12.jpg 9w\" sizes=\"auto, (max-width: 898px) 100vw, 898px\" \/>\t\t\t\t\t\t\t\t\t\t\t\t\t\t\t<\/div>\n\t\t\t\t<\/div>\n\t\t\t\t\t<\/div>\n\t\t<\/div>\n\t\t\t\t\t<\/div>\n\t\t<\/section>\n\t\t\t\t<section class=\"elementor-section elementor-top-section elementor-element elementor-element-szjkznz elementor-section-content-middle elementor-section-boxed elementor-section-height-default elementor-section-height-default\" data-id=\"szjkznz\" data-element_type=\"section\" data-e-type=\"section\" data-settings=\"{&quot;background_background&quot;:&quot;gradient&quot;}\">\n\t\t\t\t\t\t<div class=\"elementor-container elementor-column-gap-default\">\n\t\t\t\t\t<div class=\"elementor-column elementor-col-100 elementor-top-column elementor-element elementor-element-3a6ef3b\" data-id=\"3a6ef3b\" data-element_type=\"column\" data-e-type=\"column\">\n\t\t\t<div class=\"elementor-widget-wrap elementor-element-populated\">\n\t\t\t\t\t\t<div class=\"elementor-element elementor-element-b7b261e elementor-widget elementor-widget-heading\" data-id=\"b7b261e\" data-element_type=\"widget\" data-e-type=\"widget\" data-widget_type=\"heading.default\">\n\t\t\t\t<div class=\"elementor-widget-container\">\n\t\t\t\t\t<h2 class=\"elementor-heading-title elementor-size-xl\">\u00bfCrees que puedo ayudarte?<\/h2>\t\t\t\t<\/div>\n\t\t\t\t<\/div>\n\t\t\t\t<section class=\"elementor-section elementor-inner-section elementor-element elementor-element-fe01b2e elementor-section-boxed elementor-section-height-default elementor-section-height-default\" data-id=\"fe01b2e\" data-element_type=\"section\" data-e-type=\"section\">\n\t\t\t\t\t\t<div class=\"elementor-container elementor-column-gap-default\">\n\t\t\t\t\t<div class=\"elementor-column elementor-col-100 elementor-inner-column elementor-element elementor-element-c2d2191\" data-id=\"c2d2191\" data-element_type=\"column\" data-e-type=\"column\">\n\t\t\t<div class=\"elementor-widget-wrap elementor-element-populated\">\n\t\t\t\t\t\t<div class=\"elementor-element elementor-element-3ec8940 elementor-align-center elementor-mobile-align-center elementor-widget elementor-widget-button\" data-id=\"3ec8940\" data-element_type=\"widget\" data-e-type=\"widget\" data-widget_type=\"button.default\">\n\t\t\t\t<div class=\"elementor-widget-container\">\n\t\t\t\t\t\t\t\t\t<div class=\"elementor-button-wrapper\">\n\t\t\t\t\t<a class=\"elementor-button elementor-button-link elementor-size-sm\" href=\"https:\/\/www.aprimeravistahs.es\/contacto\/\">\n\t\t\t\t\t\t<span class=\"elementor-button-content-wrapper\">\n\t\t\t\t\t\t\t\t\t<span class=\"elementor-button-text\">Hablemos, contacta conmigo<\/span>\n\t\t\t\t\t<\/span>\n\t\t\t\t\t<\/a>\n\t\t\t\t<\/div>\n\t\t\t\t\t\t\t\t<\/div>\n\t\t\t\t<\/div>\n\t\t\t\t\t<\/div>\n\t\t<\/div>\n\t\t\t\t\t<\/div>\n\t\t<\/section>\n\t\t\t\t\t<\/div>\n\t\t<\/div>\n\t\t\t\t\t<\/div>\n\t\t<\/section>\n\t\t\t\t<section class=\"elementor-section elementor-top-section elementor-element elementor-element-4f00cb01 elementor-section-full_width elementor-section-height-default elementor-section-height-default\" data-id=\"4f00cb01\" data-element_type=\"section\" data-e-type=\"section\">\n\t\t\t\t\t\t<div class=\"elementor-container elementor-column-gap-no\">\n\t\t\t\t\t<div class=\"elementor-column elementor-col-100 elementor-top-column elementor-element elementor-element-14d0f8d8\" data-id=\"14d0f8d8\" data-element_type=\"column\" data-e-type=\"column\">\n\t\t\t<div class=\"elementor-widget-wrap elementor-element-populated\">\n\t\t\t\t\t\t<div class=\"elementor-element elementor-element-3eccc028 uael-img-carousel-arrow-inside uael-ins-normal elementor-widget elementor-widget-uael-image-gallery\" data-id=\"3eccc028\" data-element_type=\"widget\" data-e-type=\"widget\" data-settings=\"{&quot;slides_to_show&quot;:3,&quot;column_gap&quot;:{&quot;unit&quot;:&quot;px&quot;,&quot;size&quot;:0,&quot;sizes&quot;:[]},&quot;slides_to_show_tablet&quot;:3,&quot;slides_to_show_mobile&quot;:2,&quot;slides_to_scroll&quot;:1,&quot;slides_to_scroll_tablet&quot;:1,&quot;slides_to_scroll_mobile&quot;:1,&quot;column_gap_tablet&quot;:{&quot;unit&quot;:&quot;px&quot;,&quot;size&quot;:&quot;&quot;,&quot;sizes&quot;:[]},&quot;column_gap_mobile&quot;:{&quot;unit&quot;:&quot;px&quot;,&quot;size&quot;:&quot;&quot;,&quot;sizes&quot;:[]}}\" data-widget_type=\"uael-image-gallery.default\">\n\t\t\t\t<div class=\"elementor-widget-container\">\n\t\t\t\t\t<div class=\"uael-gallery-parent uael-caption- uael-gallery-unjustified\"><div data-image_carousel=\"{&quot;slidesToShow&quot;:3,&quot;slidesToScroll&quot;:1,&quot;autoplaySpeed&quot;:5000,&quot;autoplay&quot;:true,&quot;infinite&quot;:true,&quot;pauseOnHover&quot;:true,&quot;speed&quot;:1500,&quot;arrows&quot;:true,&quot;dots&quot;:false,&quot;rtl&quot;:false,&quot;responsive&quot;:[{&quot;breakpoint&quot;:1024,&quot;settings&quot;:{&quot;slidesToShow&quot;:3,&quot;slidesToScroll&quot;:1}},{&quot;breakpoint&quot;:767,&quot;settings&quot;:{&quot;slidesToShow&quot;:2,&quot;slidesToScroll&quot;:1}}]}\" class=\"uael-img-gallery-wrap uael-img-carousel-wrap uael-nav-arrows\" data-filter-default=\"All\"><div class=\"uael-grid-item  uael-img-gallery-item-18\"><div class=\"uael-grid-item-content\"><figure class=\"uael-grid-img uael-grid-gallery-img uael-ins-hover elementor-clickable\"><div class=\"uael-grid-img-thumbnail uael-ins-target\"><img fetchpriority=\"high\" decoding=\"async\" width=\"960\" height=\"720\" src=\"https:\/\/www.aprimeravistahs.es\/wp-content\/uploads\/2023\/07\/a-primera-vista-home-staging-5-despacho-DESPUES.jpg\" class=\"attachment-full size-full wp-image-796\" alt=\"Despacho sencillo con plantas y mesa de trabajo.\" srcset=\"https:\/\/www.aprimeravistahs.es\/wp-content\/uploads\/2023\/07\/a-primera-vista-home-staging-5-despacho-DESPUES.jpg 960w, https:\/\/www.aprimeravistahs.es\/wp-content\/uploads\/2023\/07\/a-primera-vista-home-staging-5-despacho-DESPUES-300x225.jpg 300w, https:\/\/www.aprimeravistahs.es\/wp-content\/uploads\/2023\/07\/a-primera-vista-home-staging-5-despacho-DESPUES-768x576.jpg 768w, https:\/\/www.aprimeravistahs.es\/wp-content\/uploads\/2023\/07\/a-primera-vista-home-staging-5-despacho-DESPUES-16x12.jpg 16w\" sizes=\"(max-width: 960px) 100vw, 960px\" \/><\/div><div class=\"uael-grid-img-overlay\"><\/div><\/figure><\/div><\/div><div class=\"uael-grid-item  uael-img-gallery-item-14\"><div class=\"uael-grid-item-content\"><figure class=\"uael-grid-img uael-grid-gallery-img uael-ins-hover elementor-clickable\"><div class=\"uael-grid-img-thumbnail uael-ins-target\"><img decoding=\"async\" width=\"960\" height=\"720\" src=\"https:\/\/www.aprimeravistahs.es\/wp-content\/uploads\/2023\/07\/A-Primera-Vista-Home-Staging-reforma-salon-cocina.jpg\" class=\"attachment-full size-full wp-image-792\" alt=\"Cocina americana.\" srcset=\"https:\/\/www.aprimeravistahs.es\/wp-content\/uploads\/2023\/07\/A-Primera-Vista-Home-Staging-reforma-salon-cocina.jpg 960w, https:\/\/www.aprimeravistahs.es\/wp-content\/uploads\/2023\/07\/A-Primera-Vista-Home-Staging-reforma-salon-cocina-300x225.jpg 300w, https:\/\/www.aprimeravistahs.es\/wp-content\/uploads\/2023\/07\/A-Primera-Vista-Home-Staging-reforma-salon-cocina-768x576.jpg 768w, https:\/\/www.aprimeravistahs.es\/wp-content\/uploads\/2023\/07\/A-Primera-Vista-Home-Staging-reforma-salon-cocina-16x12.jpg 16w\" sizes=\"(max-width: 960px) 100vw, 960px\" \/><\/div><div class=\"uael-grid-img-overlay\"><\/div><\/figure><\/div><\/div><div class=\"uael-grid-item  uael-img-gallery-item-13\"><div class=\"uael-grid-item-content\"><figure class=\"uael-grid-img uael-grid-gallery-img uael-ins-hover elementor-clickable\"><div class=\"uael-grid-img-thumbnail uael-ins-target\"><img decoding=\"async\" width=\"960\" height=\"720\" src=\"https:\/\/www.aprimeravistahs.es\/wp-content\/uploads\/2023\/07\/A-Primera-Vista-Home-Staging-reforma-salon-para-piso-en-alquiler.jpg\" class=\"attachment-full size-full wp-image-788\" alt=\"Peque\u00f1a sala de estar.\" srcset=\"https:\/\/www.aprimeravistahs.es\/wp-content\/uploads\/2023\/07\/A-Primera-Vista-Home-Staging-reforma-salon-para-piso-en-alquiler.jpg 960w, https:\/\/www.aprimeravistahs.es\/wp-content\/uploads\/2023\/07\/A-Primera-Vista-Home-Staging-reforma-salon-para-piso-en-alquiler-300x225.jpg 300w, https:\/\/www.aprimeravistahs.es\/wp-content\/uploads\/2023\/07\/A-Primera-Vista-Home-Staging-reforma-salon-para-piso-en-alquiler-768x576.jpg 768w, https:\/\/www.aprimeravistahs.es\/wp-content\/uploads\/2023\/07\/A-Primera-Vista-Home-Staging-reforma-salon-para-piso-en-alquiler-16x12.jpg 16w\" sizes=\"(max-width: 960px) 100vw, 960px\" \/><\/div><div class=\"uael-grid-img-overlay\"><\/div><\/figure><\/div><\/div><div class=\"uael-grid-item  uael-img-gallery-item-19\"><div class=\"uael-grid-item-content\"><figure class=\"uael-grid-img uael-grid-gallery-img uael-ins-hover elementor-clickable\"><div class=\"uael-grid-img-thumbnail uael-ins-target\"><img loading=\"lazy\" decoding=\"async\" width=\"960\" height=\"720\" src=\"https:\/\/www.aprimeravistahs.es\/wp-content\/uploads\/2023\/07\/a-primera-vista-home-staging-1-salon.jpg\" class=\"attachment-full size-full wp-image-797\" alt=\"Sal\u00f3n de estar.\" srcset=\"https:\/\/www.aprimeravistahs.es\/wp-content\/uploads\/2023\/07\/a-primera-vista-home-staging-1-salon.jpg 960w, https:\/\/www.aprimeravistahs.es\/wp-content\/uploads\/2023\/07\/a-primera-vista-home-staging-1-salon-300x225.jpg 300w, https:\/\/www.aprimeravistahs.es\/wp-content\/uploads\/2023\/07\/a-primera-vista-home-staging-1-salon-768x576.jpg 768w, https:\/\/www.aprimeravistahs.es\/wp-content\/uploads\/2023\/07\/a-primera-vista-home-staging-1-salon-16x12.jpg 16w\" sizes=\"(max-width: 960px) 100vw, 960px\" \/><\/div><div class=\"uael-grid-img-overlay\"><\/div><\/figure><\/div><\/div><div class=\"uael-grid-item  uael-img-gallery-item-10\"><div class=\"uael-grid-item-content\"><figure class=\"uael-grid-img uael-grid-gallery-img uael-ins-hover elementor-clickable\"><div class=\"uael-grid-img-thumbnail uael-ins-target\"><img loading=\"lazy\" decoding=\"async\" width=\"960\" height=\"716\" src=\"https:\/\/www.aprimeravistahs.es\/wp-content\/uploads\/2023\/07\/Dormitorio-Home-Staging-piso-en-venta-despues.jpg\" class=\"attachment-full size-full wp-image-777\" alt=\"Dormitorio moderno.\" srcset=\"https:\/\/www.aprimeravistahs.es\/wp-content\/uploads\/2023\/07\/Dormitorio-Home-Staging-piso-en-venta-despues.jpg 960w, https:\/\/www.aprimeravistahs.es\/wp-content\/uploads\/2023\/07\/Dormitorio-Home-Staging-piso-en-venta-despues-300x224.jpg 300w, https:\/\/www.aprimeravistahs.es\/wp-content\/uploads\/2023\/07\/Dormitorio-Home-Staging-piso-en-venta-despues-768x573.jpg 768w, https:\/\/www.aprimeravistahs.es\/wp-content\/uploads\/2023\/07\/Dormitorio-Home-Staging-piso-en-venta-despues-16x12.jpg 16w\" sizes=\"(max-width: 960px) 100vw, 960px\" \/><\/div><div class=\"uael-grid-img-overlay\"><\/div><\/figure><\/div><\/div><div class=\"uael-grid-item  uael-img-gallery-item-5\"><div class=\"uael-grid-item-content\"><figure class=\"uael-grid-img uael-grid-gallery-img uael-ins-hover elementor-clickable\"><div class=\"uael-grid-img-thumbnail uael-ins-target\"><img loading=\"lazy\" decoding=\"async\" width=\"960\" height=\"720\" src=\"https:\/\/www.aprimeravistahs.es\/wp-content\/uploads\/2023\/07\/home-staging-salon-vivienda-vacacional.jpg\" class=\"attachment-full size-full wp-image-764\" alt=\"Cuarto de estar de vivienda vacacional.\" srcset=\"https:\/\/www.aprimeravistahs.es\/wp-content\/uploads\/2023\/07\/home-staging-salon-vivienda-vacacional.jpg 960w, https:\/\/www.aprimeravistahs.es\/wp-content\/uploads\/2023\/07\/home-staging-salon-vivienda-vacacional-300x225.jpg 300w, https:\/\/www.aprimeravistahs.es\/wp-content\/uploads\/2023\/07\/home-staging-salon-vivienda-vacacional-768x576.jpg 768w, https:\/\/www.aprimeravistahs.es\/wp-content\/uploads\/2023\/07\/home-staging-salon-vivienda-vacacional-16x12.jpg 16w\" sizes=\"(max-width: 960px) 100vw, 960px\" \/><\/div><div class=\"uael-grid-img-overlay\"><\/div><\/figure><\/div><\/div><div class=\"uael-grid-item  uael-img-gallery-item-3\"><div class=\"uael-grid-item-content\"><figure class=\"uael-grid-img uael-grid-gallery-img uael-ins-hover elementor-clickable\"><div class=\"uael-grid-img-thumbnail uael-ins-target\"><img loading=\"lazy\" decoding=\"async\" width=\"960\" height=\"720\" src=\"https:\/\/www.aprimeravistahs.es\/wp-content\/uploads\/2023\/07\/Reforma-para-vivienda-vacacional-dormitorio.jpg\" class=\"attachment-full size-full wp-image-756\" alt=\"Habitaci\u00f3n redise\u00f1ada en vivienda vacacional.\" srcset=\"https:\/\/www.aprimeravistahs.es\/wp-content\/uploads\/2023\/07\/Reforma-para-vivienda-vacacional-dormitorio.jpg 960w, https:\/\/www.aprimeravistahs.es\/wp-content\/uploads\/2023\/07\/Reforma-para-vivienda-vacacional-dormitorio-300x225.jpg 300w, https:\/\/www.aprimeravistahs.es\/wp-content\/uploads\/2023\/07\/Reforma-para-vivienda-vacacional-dormitorio-768x576.jpg 768w, https:\/\/www.aprimeravistahs.es\/wp-content\/uploads\/2023\/07\/Reforma-para-vivienda-vacacional-dormitorio-16x12.jpg 16w\" sizes=\"(max-width: 960px) 100vw, 960px\" \/><\/div><div class=\"uael-grid-img-overlay\"><\/div><\/figure><\/div><\/div><div class=\"uael-grid-item  uael-img-gallery-item-16\"><div class=\"uael-grid-item-content\"><figure class=\"uael-grid-img uael-grid-gallery-img uael-ins-hover elementor-clickable\"><div class=\"uael-grid-img-thumbnail uael-ins-target\"><img loading=\"lazy\" decoding=\"async\" width=\"960\" height=\"720\" src=\"https:\/\/www.aprimeravistahs.es\/wp-content\/uploads\/2023\/07\/A-Primera-Vista-Home-Staging-dormitorio-individual.jpg\" class=\"attachment-full size-full wp-image-794\" alt=\"Detalle de un sofa con cojines.\" srcset=\"https:\/\/www.aprimeravistahs.es\/wp-content\/uploads\/2023\/07\/A-Primera-Vista-Home-Staging-dormitorio-individual.jpg 960w, https:\/\/www.aprimeravistahs.es\/wp-content\/uploads\/2023\/07\/A-Primera-Vista-Home-Staging-dormitorio-individual-300x225.jpg 300w, https:\/\/www.aprimeravistahs.es\/wp-content\/uploads\/2023\/07\/A-Primera-Vista-Home-Staging-dormitorio-individual-768x576.jpg 768w, https:\/\/www.aprimeravistahs.es\/wp-content\/uploads\/2023\/07\/A-Primera-Vista-Home-Staging-dormitorio-individual-16x12.jpg 16w\" sizes=\"(max-width: 960px) 100vw, 960px\" \/><\/div><div class=\"uael-grid-img-overlay\"><\/div><\/figure><\/div><\/div><div class=\"uael-grid-item  uael-img-gallery-item-6\"><div class=\"uael-grid-item-content\"><figure class=\"uael-grid-img uael-grid-gallery-img uael-ins-hover elementor-clickable\"><div class=\"uael-grid-img-thumbnail uael-ins-target\"><img loading=\"lazy\" decoding=\"async\" width=\"960\" height=\"720\" src=\"https:\/\/www.aprimeravistahs.es\/wp-content\/uploads\/2023\/07\/Home-staging-cuarto-estar-despues-vivienda-vacacional.jpg\" class=\"attachment-full size-full wp-image-765\" alt=\"Cuarto de estar redise\u00f1ado.\" srcset=\"https:\/\/www.aprimeravistahs.es\/wp-content\/uploads\/2023\/07\/Home-staging-cuarto-estar-despues-vivienda-vacacional.jpg 960w, https:\/\/www.aprimeravistahs.es\/wp-content\/uploads\/2023\/07\/Home-staging-cuarto-estar-despues-vivienda-vacacional-300x225.jpg 300w, https:\/\/www.aprimeravistahs.es\/wp-content\/uploads\/2023\/07\/Home-staging-cuarto-estar-despues-vivienda-vacacional-768x576.jpg 768w, https:\/\/www.aprimeravistahs.es\/wp-content\/uploads\/2023\/07\/Home-staging-cuarto-estar-despues-vivienda-vacacional-16x12.jpg 16w\" sizes=\"(max-width: 960px) 100vw, 960px\" \/><\/div><div class=\"uael-grid-img-overlay\"><\/div><\/figure><\/div><\/div><div class=\"uael-grid-item  uael-img-gallery-item-17\"><div class=\"uael-grid-item-content\"><figure class=\"uael-grid-img uael-grid-gallery-img uael-ins-hover elementor-clickable\"><div class=\"uael-grid-img-thumbnail uael-ins-target\"><img loading=\"lazy\" decoding=\"async\" width=\"960\" height=\"720\" src=\"https:\/\/www.aprimeravistahs.es\/wp-content\/uploads\/2023\/07\/a-primera-vista-home-staging-11-dormitorio-doble-.jpg\" class=\"attachment-full size-full wp-image-795\" alt=\"Dormitorio doble con dos camas individuales.\" srcset=\"https:\/\/www.aprimeravistahs.es\/wp-content\/uploads\/2023\/07\/a-primera-vista-home-staging-11-dormitorio-doble-.jpg 960w, https:\/\/www.aprimeravistahs.es\/wp-content\/uploads\/2023\/07\/a-primera-vista-home-staging-11-dormitorio-doble--300x225.jpg 300w, https:\/\/www.aprimeravistahs.es\/wp-content\/uploads\/2023\/07\/a-primera-vista-home-staging-11-dormitorio-doble--768x576.jpg 768w, https:\/\/www.aprimeravistahs.es\/wp-content\/uploads\/2023\/07\/a-primera-vista-home-staging-11-dormitorio-doble--16x12.jpg 16w\" sizes=\"(max-width: 960px) 100vw, 960px\" \/><\/div><div class=\"uael-grid-img-overlay\"><\/div><\/figure><\/div><\/div><div class=\"uael-grid-item  uael-img-gallery-item-11\"><div class=\"uael-grid-item-content\"><figure class=\"uael-grid-img uael-grid-gallery-img uael-ins-hover elementor-clickable\"><div class=\"uael-grid-img-thumbnail uael-ins-target\"><img loading=\"lazy\" decoding=\"async\" width=\"960\" height=\"720\" src=\"https:\/\/www.aprimeravistahs.es\/wp-content\/uploads\/2023\/07\/Dormitorio-Home-Staging-alquiler-vacacional.jpg\" class=\"attachment-full size-full wp-image-779\" alt=\"Dormitorio de estilo moderno con dos camas individuales.\" srcset=\"https:\/\/www.aprimeravistahs.es\/wp-content\/uploads\/2023\/07\/Dormitorio-Home-Staging-alquiler-vacacional.jpg 960w, https:\/\/www.aprimeravistahs.es\/wp-content\/uploads\/2023\/07\/Dormitorio-Home-Staging-alquiler-vacacional-300x225.jpg 300w, https:\/\/www.aprimeravistahs.es\/wp-content\/uploads\/2023\/07\/Dormitorio-Home-Staging-alquiler-vacacional-768x576.jpg 768w, https:\/\/www.aprimeravistahs.es\/wp-content\/uploads\/2023\/07\/Dormitorio-Home-Staging-alquiler-vacacional-16x12.jpg 16w\" sizes=\"(max-width: 960px) 100vw, 960px\" \/><\/div><div class=\"uael-grid-img-overlay\"><\/div><\/figure><\/div><\/div><div class=\"uael-grid-item  uael-img-gallery-item-15\"><div class=\"uael-grid-item-content\"><figure class=\"uael-grid-img uael-grid-gallery-img uael-ins-hover elementor-clickable\"><div class=\"uael-grid-img-thumbnail uael-ins-target\"><img loading=\"lazy\" decoding=\"async\" width=\"960\" height=\"720\" src=\"https:\/\/www.aprimeravistahs.es\/wp-content\/uploads\/2023\/07\/A-Primera-Vista-Home-Staging-reforma-para-piso-en-alquiler.jpg\" class=\"attachment-full size-full wp-image-793\" alt=\"Escritorio moderno.\" srcset=\"https:\/\/www.aprimeravistahs.es\/wp-content\/uploads\/2023\/07\/A-Primera-Vista-Home-Staging-reforma-para-piso-en-alquiler.jpg 960w, https:\/\/www.aprimeravistahs.es\/wp-content\/uploads\/2023\/07\/A-Primera-Vista-Home-Staging-reforma-para-piso-en-alquiler-300x225.jpg 300w, https:\/\/www.aprimeravistahs.es\/wp-content\/uploads\/2023\/07\/A-Primera-Vista-Home-Staging-reforma-para-piso-en-alquiler-768x576.jpg 768w, https:\/\/www.aprimeravistahs.es\/wp-content\/uploads\/2023\/07\/A-Primera-Vista-Home-Staging-reforma-para-piso-en-alquiler-16x12.jpg 16w\" sizes=\"(max-width: 960px) 100vw, 960px\" \/><\/div><div class=\"uael-grid-img-overlay\"><\/div><\/figure><\/div><\/div><div class=\"uael-grid-item  uael-img-gallery-item-7\"><div class=\"uael-grid-item-content\"><figure class=\"uael-grid-img uael-grid-gallery-img uael-ins-hover elementor-clickable\"><div class=\"uael-grid-img-thumbnail uael-ins-target\"><img loading=\"lazy\" decoding=\"async\" width=\"960\" height=\"720\" src=\"https:\/\/www.aprimeravistahs.es\/wp-content\/uploads\/2023\/07\/hall-de-entrada-Home-Staging-despues-1.jpg\" class=\"attachment-full size-full wp-image-766\" alt=\"Hall de entrada con decoraci\u00f3n moderna.\" srcset=\"https:\/\/www.aprimeravistahs.es\/wp-content\/uploads\/2023\/07\/hall-de-entrada-Home-Staging-despues-1.jpg 960w, https:\/\/www.aprimeravistahs.es\/wp-content\/uploads\/2023\/07\/hall-de-entrada-Home-Staging-despues-1-300x225.jpg 300w, https:\/\/www.aprimeravistahs.es\/wp-content\/uploads\/2023\/07\/hall-de-entrada-Home-Staging-despues-1-768x576.jpg 768w, https:\/\/www.aprimeravistahs.es\/wp-content\/uploads\/2023\/07\/hall-de-entrada-Home-Staging-despues-1-16x12.jpg 16w\" sizes=\"(max-width: 960px) 100vw, 960px\" \/><\/div><div class=\"uael-grid-img-overlay\"><\/div><\/figure><\/div><\/div><div class=\"uael-grid-item  uael-img-gallery-item-12\"><div class=\"uael-grid-item-content\"><figure class=\"uael-grid-img uael-grid-gallery-img uael-ins-hover elementor-clickable\"><div class=\"uael-grid-img-thumbnail uael-ins-target\"><img loading=\"lazy\" decoding=\"async\" width=\"960\" height=\"720\" src=\"https:\/\/www.aprimeravistahs.es\/wp-content\/uploads\/2023\/07\/A-Primera-Vista-Home-Staging-salon-Castelarl.jpg\" class=\"attachment-full size-full wp-image-787\" alt=\"Tresillo en sala de estar.\" srcset=\"https:\/\/www.aprimeravistahs.es\/wp-content\/uploads\/2023\/07\/A-Primera-Vista-Home-Staging-salon-Castelarl.jpg 960w, https:\/\/www.aprimeravistahs.es\/wp-content\/uploads\/2023\/07\/A-Primera-Vista-Home-Staging-salon-Castelarl-300x225.jpg 300w, https:\/\/www.aprimeravistahs.es\/wp-content\/uploads\/2023\/07\/A-Primera-Vista-Home-Staging-salon-Castelarl-768x576.jpg 768w, https:\/\/www.aprimeravistahs.es\/wp-content\/uploads\/2023\/07\/A-Primera-Vista-Home-Staging-salon-Castelarl-16x12.jpg 16w\" sizes=\"(max-width: 960px) 100vw, 960px\" \/><\/div><div class=\"uael-grid-img-overlay\"><\/div><\/figure><\/div><\/div><div class=\"uael-grid-item  uael-img-gallery-item-4\"><div class=\"uael-grid-item-content\"><figure class=\"uael-grid-img uael-grid-gallery-img uael-ins-hover elementor-clickable\"><div class=\"uael-grid-img-thumbnail uael-ins-target\"><img loading=\"lazy\" decoding=\"async\" width=\"960\" height=\"720\" src=\"https:\/\/www.aprimeravistahs.es\/wp-content\/uploads\/2023\/07\/Reforma-para-vivienda-vacacional-cocina.jpg\" class=\"attachment-full size-full wp-image-757\" alt=\"Loft vacacional reformado.\" srcset=\"https:\/\/www.aprimeravistahs.es\/wp-content\/uploads\/2023\/07\/Reforma-para-vivienda-vacacional-cocina.jpg 960w, https:\/\/www.aprimeravistahs.es\/wp-content\/uploads\/2023\/07\/Reforma-para-vivienda-vacacional-cocina-300x225.jpg 300w, https:\/\/www.aprimeravistahs.es\/wp-content\/uploads\/2023\/07\/Reforma-para-vivienda-vacacional-cocina-768x576.jpg 768w, https:\/\/www.aprimeravistahs.es\/wp-content\/uploads\/2023\/07\/Reforma-para-vivienda-vacacional-cocina-16x12.jpg 16w\" sizes=\"(max-width: 960px) 100vw, 960px\" \/><\/div><div class=\"uael-grid-img-overlay\"><\/div><\/figure><\/div><\/div><div class=\"uael-grid-item  uael-img-gallery-item-2\"><div class=\"uael-grid-item-content\"><figure class=\"uael-grid-img uael-grid-gallery-img uael-ins-hover elementor-clickable\"><div class=\"uael-grid-img-thumbnail uael-ins-target\"><img loading=\"lazy\" decoding=\"async\" width=\"960\" height=\"720\" src=\"https:\/\/www.aprimeravistahs.es\/wp-content\/uploads\/2023\/07\/Salon-Home-Staging-despues.jpg\" class=\"attachment-full size-full wp-image-751\" alt=\"Sal\u00f3n redise\u00f1ado.\" srcset=\"https:\/\/www.aprimeravistahs.es\/wp-content\/uploads\/2023\/07\/Salon-Home-Staging-despues.jpg 960w, https:\/\/www.aprimeravistahs.es\/wp-content\/uploads\/2023\/07\/Salon-Home-Staging-despues-300x225.jpg 300w, https:\/\/www.aprimeravistahs.es\/wp-content\/uploads\/2023\/07\/Salon-Home-Staging-despues-768x576.jpg 768w, https:\/\/www.aprimeravistahs.es\/wp-content\/uploads\/2023\/07\/Salon-Home-Staging-despues-16x12.jpg 16w\" sizes=\"(max-width: 960px) 100vw, 960px\" \/><\/div><div class=\"uael-grid-img-overlay\"><\/div><\/figure><\/div><\/div><div class=\"uael-grid-item  uael-img-gallery-item-9\"><div class=\"uael-grid-item-content\"><figure class=\"uael-grid-img uael-grid-gallery-img uael-ins-hover elementor-clickable\"><div class=\"uael-grid-img-thumbnail uael-ins-target\"><img loading=\"lazy\" decoding=\"async\" width=\"960\" height=\"720\" src=\"https:\/\/www.aprimeravistahs.es\/wp-content\/uploads\/2023\/07\/Dormitorio-infantil-home-staging.jpg\" class=\"attachment-full size-full wp-image-773\" alt=\"Dormitorio infantil redise\u00f1ado.\" srcset=\"https:\/\/www.aprimeravistahs.es\/wp-content\/uploads\/2023\/07\/Dormitorio-infantil-home-staging.jpg 960w, https:\/\/www.aprimeravistahs.es\/wp-content\/uploads\/2023\/07\/Dormitorio-infantil-home-staging-300x225.jpg 300w, https:\/\/www.aprimeravistahs.es\/wp-content\/uploads\/2023\/07\/Dormitorio-infantil-home-staging-768x576.jpg 768w, https:\/\/www.aprimeravistahs.es\/wp-content\/uploads\/2023\/07\/Dormitorio-infantil-home-staging-16x12.jpg 16w\" sizes=\"(max-width: 960px) 100vw, 960px\" \/><\/div><div class=\"uael-grid-img-overlay\"><\/div><\/figure><\/div><\/div><div class=\"uael-grid-item  uael-img-gallery-item-1\"><div class=\"uael-grid-item-content\"><figure class=\"uael-grid-img uael-grid-gallery-img uael-ins-hover elementor-clickable\"><div class=\"uael-grid-img-thumbnail uael-ins-target\"><img loading=\"lazy\" decoding=\"async\" width=\"960\" height=\"720\" src=\"https:\/\/www.aprimeravistahs.es\/wp-content\/uploads\/2023\/07\/Salon-Home-Staging-piso-en-venta.jpg\" class=\"attachment-full size-full wp-image-750\" alt=\"Sal\u00f3n redise\u00f1ado con gran tresillo y muchos cojines.\" srcset=\"https:\/\/www.aprimeravistahs.es\/wp-content\/uploads\/2023\/07\/Salon-Home-Staging-piso-en-venta.jpg 960w, https:\/\/www.aprimeravistahs.es\/wp-content\/uploads\/2023\/07\/Salon-Home-Staging-piso-en-venta-300x225.jpg 300w, https:\/\/www.aprimeravistahs.es\/wp-content\/uploads\/2023\/07\/Salon-Home-Staging-piso-en-venta-768x576.jpg 768w, https:\/\/www.aprimeravistahs.es\/wp-content\/uploads\/2023\/07\/Salon-Home-Staging-piso-en-venta-16x12.jpg 16w\" sizes=\"(max-width: 960px) 100vw, 960px\" \/><\/div><div class=\"uael-grid-img-overlay\"><\/div><\/figure><\/div><\/div><div class=\"uael-grid-item  uael-img-gallery-item-8\"><div class=\"uael-grid-item-content\"><figure class=\"uael-grid-img uael-grid-gallery-img uael-ins-hover elementor-clickable\"><div class=\"uael-grid-img-thumbnail uael-ins-target\"><img loading=\"lazy\" decoding=\"async\" width=\"960\" height=\"720\" src=\"https:\/\/www.aprimeravistahs.es\/wp-content\/uploads\/2023\/07\/Entrada-Home-Staging-para-alojamiento-rural.jpg\" class=\"attachment-full size-full wp-image-769\" alt=\"Habitaci\u00f3n de estilo r\u00fastico\" srcset=\"https:\/\/www.aprimeravistahs.es\/wp-content\/uploads\/2023\/07\/Entrada-Home-Staging-para-alojamiento-rural.jpg 960w, https:\/\/www.aprimeravistahs.es\/wp-content\/uploads\/2023\/07\/Entrada-Home-Staging-para-alojamiento-rural-300x225.jpg 300w, https:\/\/www.aprimeravistahs.es\/wp-content\/uploads\/2023\/07\/Entrada-Home-Staging-para-alojamiento-rural-768x576.jpg 768w, https:\/\/www.aprimeravistahs.es\/wp-content\/uploads\/2023\/07\/Entrada-Home-Staging-para-alojamiento-rural-16x12.jpg 16w\" sizes=\"(max-width: 960px) 100vw, 960px\" \/><\/div><div class=\"uael-grid-img-overlay\"><\/div><\/figure><\/div><\/div><\/div><\/div>\t\t\t\t<\/div>\n\t\t\t\t<\/div>\n\t\t\t\t\t<\/div>\n\t\t<\/div>\n\t\t\t\t\t<\/div>\n\t\t<\/section>\n\t\t\t\t<\/div>\n\t\t","protected":false},"excerpt":{"rendered":"<p>SOBRE M\u00cd Hola! Soy Ana, apasionada del dise\u00f1o y la decoraci\u00f3n con un amor especial por la naturaleza y la arquitectura rural asturiana. Me gusta la decoraci\u00f3n y el interiorismo desde peque\u00f1a, cuando esperaba ilusionada cada mes a que llegara la revista a la que mi madre estaba suscrita. As\u00ed que acab\u00e9 estudiando decoraci\u00f3n. Se, [&hellip;]<\/p>\n","protected":false},"author":1,"featured_media":486,"parent":0,"menu_order":2,"comment_status":"closed","ping_status":"closed","template":"","meta":{"site-sidebar-layout":"no-sidebar","site-content-layout":"page-builder","ast-site-content-layout":"default","site-content-style":"default","site-sidebar-style":"default","ast-global-header-display":"","ast-banner-title-visibility":"","ast-main-header-display":"","ast-hfb-above-header-display":"","ast-hfb-below-header-display":"","ast-hfb-mobile-header-display":"","site-post-title":"disabled","ast-breadcrumbs-content":"","ast-featured-img":"disabled","footer-sml-layout":"","ast-disable-related-posts":"","theme-transparent-header-meta":"default","adv-header-id-meta":"","stick-header-meta":"default","header-above-stick-meta":"","header-main-stick-meta":"","header-below-stick-meta":"","astra-migrate-meta-layouts":"default","ast-page-background-enabled":"default","ast-page-background-meta":{"desktop":{"background-color":"","background-image":"","background-repeat":"repeat","background-position":"center center","background-size":"auto","background-attachment":"scroll","background-type":"","background-media":"","overlay-type":"","overlay-color":"","overlay-opacity":"","overlay-gradient":""},"tablet":{"background-color":"","background-image":"","background-repeat":"repeat","background-position":"center center","background-size":"auto","background-attachment":"scroll","background-type":"","background-media":"","overlay-type":"","overlay-color":"","overlay-opacity":"","overlay-gradient":""},"mobile":{"background-color":"","background-image":"","background-repeat":"repeat","background-position":"center center","background-size":"auto","background-attachment":"scroll","background-type":"","background-media":"","overlay-type":"","overlay-color":"","overlay-opacity":"","overlay-gradient":""}},"ast-content-background-meta":{"desktop":{"background-color":"var(--ast-global-color-5)","background-image":"","background-repeat":"repeat","background-position":"center center","background-size":"auto","background-attachment":"scroll","background-type":"","background-media":"","overlay-type":"","overlay-color":"","overlay-opacity":"","overlay-gradient":""},"tablet":{"background-color":"var(--ast-global-color-5)","background-image":"","background-repeat":"repeat","background-position":"center center","background-size":"auto","background-attachment":"scroll","background-type":"","background-media":"","overlay-type":"","overlay-color":"","overlay-opacity":"","overlay-gradient":""},"mobile":{"background-color":"var(--ast-global-color-5)","background-image":"","background-repeat":"repeat","background-position":"center center","background-size":"auto","background-attachment":"scroll","background-type":"","background-media":"","overlay-type":"","overlay-color":"","overlay-opacity":"","overlay-gradient":""}},"_joinchat":[],"footnotes":""},"class_list":["post-482","page","type-page","status-publish","has-post-thumbnail","hentry"],"yoast_head":"<!-- This site is optimized with the Yoast SEO plugin v27.4 - https:\/\/yoast.com\/product\/yoast-seo-wordpress\/ -->\n<title>Sobre m\u00ed - A Primera Vista Home Staging<\/title>\n<meta name=\"description\" content=\"Hola! Soy Ana, apasionada del dise\u00f1o y la decoraci\u00f3n con un amor especial por la naturaleza y la arquitectura rural asturiana.\" \/>\n<meta name=\"robots\" content=\"index, follow, max-snippet:-1, max-image-preview:large, max-video-preview:-1\" \/>\n<link rel=\"canonical\" href=\"https:\/\/www.aprimeravistahs.es\/en\/about-me\/\" \/>\n<meta property=\"og:locale\" content=\"en_US\" \/>\n<meta property=\"og:type\" content=\"article\" \/>\n<meta property=\"og:title\" content=\"Sobre m\u00ed - A Primera Vista Home Staging\" \/>\n<meta property=\"og:description\" content=\"Hola! Soy Ana, apasionada del dise\u00f1o y la decoraci\u00f3n con un amor especial por la naturaleza y la arquitectura rural asturiana.\" \/>\n<meta property=\"og:url\" content=\"https:\/\/www.aprimeravistahs.es\/en\/about-me\/\" \/>\n<meta property=\"og:site_name\" content=\"A Primera Vista Home Staging\" \/>\n<meta property=\"article:modified_time\" content=\"2023-11-05T18:53:56+00:00\" \/>\n<meta property=\"og:image\" content=\"https:\/\/www.aprimeravistahs.es\/wp-content\/uploads\/2023\/07\/logo-cuadrado-300-ppp.png\" \/>\n\t<meta property=\"og:image:width\" content=\"1078\" \/>\n\t<meta property=\"og:image:height\" content=\"1077\" \/>\n\t<meta property=\"og:image:type\" content=\"image\/png\" \/>\n<meta name=\"twitter:card\" content=\"summary_large_image\" \/>\n<script type=\"application\/ld+json\" class=\"yoast-schema-graph\">{\"@context\":\"https:\\\/\\\/schema.org\",\"@graph\":[{\"@type\":\"WebPage\",\"@id\":\"https:\\\/\\\/www.aprimeravistahs.es\\\/sobre-mi\\\/\",\"url\":\"https:\\\/\\\/www.aprimeravistahs.es\\\/sobre-mi\\\/\",\"name\":\"Sobre m\u00ed - A Primera Vista Home Staging\",\"isPartOf\":{\"@id\":\"https:\\\/\\\/www.aprimeravistahs.es\\\/#website\"},\"primaryImageOfPage\":{\"@id\":\"https:\\\/\\\/www.aprimeravistahs.es\\\/sobre-mi\\\/#primaryimage\"},\"image\":{\"@id\":\"https:\\\/\\\/www.aprimeravistahs.es\\\/sobre-mi\\\/#primaryimage\"},\"thumbnailUrl\":\"https:\\\/\\\/www.aprimeravistahs.es\\\/wp-content\\\/uploads\\\/2023\\\/07\\\/logo-cuadrado-300-ppp.png\",\"datePublished\":\"2023-07-19T09:10:34+00:00\",\"dateModified\":\"2023-11-05T18:53:56+00:00\",\"description\":\"Hola! Soy Ana, apasionada del dise\u00f1o y la decoraci\u00f3n con un amor especial por la naturaleza y la arquitectura rural asturiana.\",\"breadcrumb\":{\"@id\":\"https:\\\/\\\/www.aprimeravistahs.es\\\/sobre-mi\\\/#breadcrumb\"},\"inLanguage\":\"en-US\",\"potentialAction\":[{\"@type\":\"ReadAction\",\"target\":[\"https:\\\/\\\/www.aprimeravistahs.es\\\/sobre-mi\\\/\"]}]},{\"@type\":\"ImageObject\",\"inLanguage\":\"en-US\",\"@id\":\"https:\\\/\\\/www.aprimeravistahs.es\\\/sobre-mi\\\/#primaryimage\",\"url\":\"https:\\\/\\\/www.aprimeravistahs.es\\\/wp-content\\\/uploads\\\/2023\\\/07\\\/logo-cuadrado-300-ppp.png\",\"contentUrl\":\"https:\\\/\\\/www.aprimeravistahs.es\\\/wp-content\\\/uploads\\\/2023\\\/07\\\/logo-cuadrado-300-ppp.png\",\"width\":1078,\"height\":1077,\"caption\":\"A Primera Vista Home Staging.\"},{\"@type\":\"BreadcrumbList\",\"@id\":\"https:\\\/\\\/www.aprimeravistahs.es\\\/sobre-mi\\\/#breadcrumb\",\"itemListElement\":[{\"@type\":\"ListItem\",\"position\":1,\"name\":\"Inicio\",\"item\":\"https:\\\/\\\/www.aprimeravistahs.es\\\/\"},{\"@type\":\"ListItem\",\"position\":2,\"name\":\"Sobre m\u00ed\"}]},{\"@type\":\"WebSite\",\"@id\":\"https:\\\/\\\/www.aprimeravistahs.es\\\/#website\",\"url\":\"https:\\\/\\\/www.aprimeravistahs.es\\\/\",\"name\":\"A Primera Vista Home Staging\",\"description\":\"\u00bfQuieres aumentar el inter\u00e9s por tu vivienda? Provoca el flechazo y destaca sobre la competencia.\",\"publisher\":{\"@id\":\"https:\\\/\\\/www.aprimeravistahs.es\\\/#organization\"},\"potentialAction\":[{\"@type\":\"SearchAction\",\"target\":{\"@type\":\"EntryPoint\",\"urlTemplate\":\"https:\\\/\\\/www.aprimeravistahs.es\\\/?s={search_term_string}\"},\"query-input\":{\"@type\":\"PropertyValueSpecification\",\"valueRequired\":true,\"valueName\":\"search_term_string\"}}],\"inLanguage\":\"en-US\"},{\"@type\":\"Organization\",\"@id\":\"https:\\\/\\\/www.aprimeravistahs.es\\\/#organization\",\"name\":\"A Primera Vista Home Staging\",\"url\":\"https:\\\/\\\/www.aprimeravistahs.es\\\/\",\"logo\":{\"@type\":\"ImageObject\",\"inLanguage\":\"en-US\",\"@id\":\"https:\\\/\\\/www.aprimeravistahs.es\\\/#\\\/schema\\\/logo\\\/image\\\/\",\"url\":\"https:\\\/\\\/www.aprimeravistahs.es\\\/wp-content\\\/uploads\\\/2023\\\/07\\\/cropped-favicon.jpg\",\"contentUrl\":\"https:\\\/\\\/www.aprimeravistahs.es\\\/wp-content\\\/uploads\\\/2023\\\/07\\\/cropped-favicon.jpg\",\"width\":512,\"height\":512,\"caption\":\"A Primera Vista Home Staging\"},\"image\":{\"@id\":\"https:\\\/\\\/www.aprimeravistahs.es\\\/#\\\/schema\\\/logo\\\/image\\\/\"}}]}<\/script>\n<!-- \/ Yoast SEO plugin. -->","yoast_head_json":{"title":"About me - A Primera Vista Home Staging","description":"Hello! I am Ana, passionate about design and decoration with a special love for nature and Asturian rural architecture.","robots":{"index":"index","follow":"follow","max-snippet":"max-snippet:-1","max-image-preview":"max-image-preview:large","max-video-preview":"max-video-preview:-1"},"canonical":"https:\/\/www.aprimeravistahs.es\/en\/about-me\/","og_locale":"en_US","og_type":"article","og_title":"Sobre m\u00ed - A Primera Vista Home Staging","og_description":"Hola! Soy Ana, apasionada del dise\u00f1o y la decoraci\u00f3n con un amor especial por la naturaleza y la arquitectura rural asturiana.","og_url":"https:\/\/www.aprimeravistahs.es\/en\/about-me\/","og_site_name":"A Primera Vista Home Staging","article_modified_time":"2023-11-05T18:53:56+00:00","og_image":[{"width":1078,"height":1077,"url":"https:\/\/www.aprimeravistahs.es\/wp-content\/uploads\/2023\/07\/logo-cuadrado-300-ppp.png","type":"image\/png"}],"twitter_card":"summary_large_image","schema":{"@context":"https:\/\/schema.org","@graph":[{"@type":"WebPage","@id":"https:\/\/www.aprimeravistahs.es\/sobre-mi\/","url":"https:\/\/www.aprimeravistahs.es\/sobre-mi\/","name":"About me - A Primera Vista Home Staging","isPartOf":{"@id":"https:\/\/www.aprimeravistahs.es\/#website"},"primaryImageOfPage":{"@id":"https:\/\/www.aprimeravistahs.es\/sobre-mi\/#primaryimage"},"image":{"@id":"https:\/\/www.aprimeravistahs.es\/sobre-mi\/#primaryimage"},"thumbnailUrl":"https:\/\/www.aprimeravistahs.es\/wp-content\/uploads\/2023\/07\/logo-cuadrado-300-ppp.png","datePublished":"2023-07-19T09:10:34+00:00","dateModified":"2023-11-05T18:53:56+00:00","description":"Hello! I am Ana, passionate about design and decoration with a special love for nature and Asturian rural architecture.","breadcrumb":{"@id":"https:\/\/www.aprimeravistahs.es\/sobre-mi\/#breadcrumb"},"inLanguage":"en-US","potentialAction":[{"@type":"ReadAction","target":["https:\/\/www.aprimeravistahs.es\/sobre-mi\/"]}]},{"@type":"ImageObject","inLanguage":"en-US","@id":"https:\/\/www.aprimeravistahs.es\/sobre-mi\/#primaryimage","url":"https:\/\/www.aprimeravistahs.es\/wp-content\/uploads\/2023\/07\/logo-cuadrado-300-ppp.png","contentUrl":"https:\/\/www.aprimeravistahs.es\/wp-content\/uploads\/2023\/07\/logo-cuadrado-300-ppp.png","width":1078,"height":1077,"caption":"A Primera Vista Home Staging."},{"@type":"BreadcrumbList","@id":"https:\/\/www.aprimeravistahs.es\/sobre-mi\/#breadcrumb","itemListElement":[{"@type":"ListItem","position":1,"name":"Inicio","item":"https:\/\/www.aprimeravistahs.es\/"},{"@type":"ListItem","position":2,"name":"Sobre m\u00ed"}]},{"@type":"WebSite","@id":"https:\/\/www.aprimeravistahs.es\/#website","url":"https:\/\/www.aprimeravistahs.es\/","name":"A Primera Vista Home Staging","description":"Do you want to increase interest in your home? Causes the crush and stands out from the competition.","publisher":{"@id":"https:\/\/www.aprimeravistahs.es\/#organization"},"potentialAction":[{"@type":"SearchAction","target":{"@type":"EntryPoint","urlTemplate":"https:\/\/www.aprimeravistahs.es\/?s={search_term_string}"},"query-input":{"@type":"PropertyValueSpecification","valueRequired":true,"valueName":"search_term_string"}}],"inLanguage":"en-US"},{"@type":"Organization","@id":"https:\/\/www.aprimeravistahs.es\/#organization","name":"A Primera Vista Home Staging","url":"https:\/\/www.aprimeravistahs.es\/","logo":{"@type":"ImageObject","inLanguage":"en-US","@id":"https:\/\/www.aprimeravistahs.es\/#\/schema\/logo\/image\/","url":"https:\/\/www.aprimeravistahs.es\/wp-content\/uploads\/2023\/07\/cropped-favicon.jpg","contentUrl":"https:\/\/www.aprimeravistahs.es\/wp-content\/uploads\/2023\/07\/cropped-favicon.jpg","width":512,"height":512,"caption":"A Primera Vista Home Staging"},"image":{"@id":"https:\/\/www.aprimeravistahs.es\/#\/schema\/logo\/image\/"}}]}},"_links":{"self":[{"href":"https:\/\/www.aprimeravistahs.es\/en\/wp-json\/wp\/v2\/pages\/482","targetHints":{"allow":["GET"]}}],"collection":[{"href":"https:\/\/www.aprimeravistahs.es\/en\/wp-json\/wp\/v2\/pages"}],"about":[{"href":"https:\/\/www.aprimeravistahs.es\/en\/wp-json\/wp\/v2\/types\/page"}],"author":[{"embeddable":true,"href":"https:\/\/www.aprimeravistahs.es\/en\/wp-json\/wp\/v2\/users\/1"}],"replies":[{"embeddable":true,"href":"https:\/\/www.aprimeravistahs.es\/en\/wp-json\/wp\/v2\/comments?post=482"}],"version-history":[{"count":109,"href":"https:\/\/www.aprimeravistahs.es\/en\/wp-json\/wp\/v2\/pages\/482\/revisions"}],"predecessor-version":[{"id":2423,"href":"https:\/\/www.aprimeravistahs.es\/en\/wp-json\/wp\/v2\/pages\/482\/revisions\/2423"}],"wp:featuredmedia":[{"embeddable":true,"href":"https:\/\/www.aprimeravistahs.es\/en\/wp-json\/wp\/v2\/media\/486"}],"wp:attachment":[{"href":"https:\/\/www.aprimeravistahs.es\/en\/wp-json\/wp\/v2\/media?parent=482"}],"curies":[{"name":"wp","href":"https:\/\/api.w.org\/{rel}","templated":true}]}}